{"id":7902,"date":"2018-09-18T15:49:50","date_gmt":"2018-09-18T13:49:50","guid":{"rendered":"https:\/\/www.kinderwunschteam.berlin\/?page_id=7902"},"modified":"2025-07-29T16:25:04","modified_gmt":"2025-07-29T14:25:04","slug":"gizlilik-politikasi","status":"publish","type":"page","link":"https:\/\/kwt.meiio.net\/tr\/gizlilik-politikasi","title":{"rendered":"Gizlilik Politikas\u0131"},"content":{"rendered":"<div class=\"wpb-content-wrapper\"><p>[vc_row][vc_column][vc_column_text uncode_shortcode_id=&#8221;134616&#8243;]<\/p>\n<h2>1. Bir bak\u0131\u015fta veri koruma<\/h2>\n<h3>Genel bilgiler<\/h3>\n<p>A\u015fa\u011f\u0131daki bilgiler, bu web sitesini ziyaret etti\u011finizde ki\u015fisel verilerinize ne oldu\u011funa dair basit bir genel bak\u0131\u015f sa\u011flar. Ki\u015fisel veriler, ki\u015fisel olarak tan\u0131mlanabilece\u011finiz verilerdir. Veri koruma konusu ile ilgili detayl\u0131 bilgiyi bu metnin alt\u0131ndaki veri koruma beyan\u0131m\u0131zda bulabilirsiniz.<\/p>\n<h3>Ki\u015fisel veri koruma ayarlar\u0131n\u0131z<\/h3>\n<a href=\"#\" class=\"gdpr-preferences \">Burada izinlerinizi y\u00f6netebilirsiniz.<\/a>\n<h3>Bu web sitesinde veri toplama<\/h3>\n<h4>Bu web sitesinde veri toplamadan kim sorumludur?<\/h4>\n<p>Bu web sitesinde veri i\u015fleme, web sitesi operat\u00f6r\u00fc taraf\u0131ndan ger\u00e7ekle\u015ftirilir. \u0130leti\u015fim bilgilerini bu web sitesinin bask\u0131s\u0131nda bulabilirsiniz.<\/p>\n<h4>Verilerinizi nas\u0131l topluyoruz?<\/h4>\n<p>Bir yandan verileriniz bize iletti\u011finizde toplan\u0131r. Bu, \u00f6r. ileti\u015fim formuna girdi\u011finiz veriler olabilir.<\/p>\n<p>Di\u011fer veriler, BT sistemlerimiz taraf\u0131ndan web sitesini ziyaret etti\u011finizde otomatik olarak veya sizin izninizle kaydedilir. Bu temelde teknik verilerdir (\u00f6r. \u0130nternet taray\u0131c\u0131s\u0131, i\u015fletim sistemi veya sayfan\u0131n g\u00f6r\u00fcnt\u00fclenme saati). Bu veriler, bu web sitesine girdi\u011finiz anda otomatik olarak toplan\u0131r.<\/p>\n<h4>Verilerinizi ne i\u00e7in kullan\u0131yoruz?<\/h4>\n<p>Web sitesinin hatas\u0131z olmas\u0131n\u0131 sa\u011flamak i\u00e7in verilerin bir k\u0131sm\u0131 toplanmaktad\u0131r. Kullan\u0131c\u0131 davran\u0131\u015f\u0131n\u0131z\u0131 analiz etmek i\u00e7in di\u011fer veriler kullan\u0131labilir.<\/p>\n<h4>Verilerinizle ilgili hangi haklara sahipsiniz?<\/h4>\n<p>Saklanan ki\u015fisel verilerinizin kayna\u011f\u0131, al\u0131c\u0131s\u0131 ve amac\u0131 hakk\u0131nda istedi\u011finiz zaman \u00fccretsiz olarak bilgi alma hakk\u0131na sahipsiniz. Ayr\u0131ca bu verilerin d\u00fczeltilmesini veya silinmesini talep etme hakk\u0131na da sahipsiniz. Veri i\u015flemeye onay verdiyseniz, bu izni ileride istedi\u011finiz zaman iptal edebilirsiniz. Ayr\u0131ca, ki\u015fisel verilerinizin i\u015flenmesinin belirli ko\u015fullar alt\u0131nda k\u0131s\u0131tlanmas\u0131n\u0131 talep etme hakk\u0131na da sahipsiniz. Ayr\u0131ca yetkili denetim makam\u0131na \u015fikayette bulunma hakk\u0131na da sahipsiniz.<\/p>\n<p>Veri korumayla ilgili ba\u015fka sorular\u0131n\u0131z varsa, yasal bildirimde verilen adresten istedi\u011finiz zaman bizimle ileti\u015fime ge\u00e7ebilirsiniz.<\/p>\n<h3>Analiz ara\u00e7lar\u0131 ve \u00fc\u00e7\u00fcnc\u00fc taraf ara\u00e7lar\u0131<\/h3>\n<p>Bu web sitesini ziyaret etti\u011finizde, s\u00f6rf davran\u0131\u015f\u0131n\u0131z istatistiksel olarak de\u011ferlendirilebilir. Bu esas olarak s\u00f6zde analiz programlar\u0131 ile yap\u0131l\u0131r.<\/p>\n<p>Bu analiz programlar\u0131 hakk\u0131nda ayr\u0131nt\u0131l\u0131 bilgileri a\u015fa\u011f\u0131daki veri koruma beyan\u0131nda bulabilirsiniz.<\/p>\n<h2>2. Bar\u0131nd\u0131rma ve \u0130\u00e7erik Da\u011f\u0131t\u0131m A\u011flar\u0131 (CDN)<\/h2>\n<h3>Harici bar\u0131nd\u0131rma<\/h3>\n<p>Bu web sitesi harici bir servis sa\u011flay\u0131c\u0131 (bar\u0131nd\u0131r\u0131c\u0131) taraf\u0131ndan bar\u0131nd\u0131r\u0131lmaktad\u0131r. Bu web sitesinde kaydedilen ki\u015fisel veriler, ev sahibinin sunucular\u0131nda saklan\u0131r. Bu v olabilir. a. IP adresleri, ileti\u015fim istekleri, meta ve ileti\u015fim verileri, s\u00f6zle\u015fme verileri, ileti\u015fim bilgileri, isimler, web sitesi eri\u015fimi ve bir web sitesi arac\u0131l\u0131\u011f\u0131yla olu\u015fturulan di\u011fer veriler olabilir.<\/p>\n<p>Ev sahibi, potansiyel ve mevcut m\u00fc\u015fterilerimizle s\u00f6zle\u015fmeyi yerine getirmek amac\u0131yla (Madde 6 Para. 1 lit.b GDPR) ve \u00e7evrimi\u00e7i teklifimizin profesyonel bir sa\u011flay\u0131c\u0131 taraf\u0131ndan g\u00fcvenli, h\u0131zl\u0131 ve verimli bir \u015fekilde sa\u011flanmas\u0131 i\u00e7in kullan\u0131l\u0131r (Madde 6 Para . 1 litre f GDPR).<\/p>\n<p>Ev sahibimiz, verilerinizi yaln\u0131zca hizmet y\u00fck\u00fcml\u00fcl\u00fcklerini yerine getirmek i\u00e7in gerekli oldu\u011fu \u00f6l\u00e7\u00fcde i\u015fleyecek ve bu verilerle ilgili talimatlar\u0131m\u0131z\u0131 uygulayacakt\u0131r.<\/p>\n<p>A\u015fa\u011f\u0131daki bar\u0131nd\u0131r\u0131c\u0131lar\u0131 kullan\u0131yoruz:<\/p>\n<p>Strato AG, Pascalstrasse 10, 10587 Berlin<\/p>\n<h4>Bir sipari\u015f i\u015fleme s\u00f6zle\u015fmesinin sonucu<\/h4>\n<p>Veri koruma d\u00fczenlemelerine uygun olarak i\u015flemeyi sa\u011flamak i\u00e7in, bar\u0131nd\u0131r\u0131c\u0131m\u0131zla bir sipari\u015f i\u015fleme s\u00f6zle\u015fmesi imzalad\u0131k.<\/p>\n<h2>3. Genel bilgiler ve zorunlu bilgiler<\/h2>\n<h3>Veri koruma<\/h3>\n<p>Bu web sitesinin operat\u00f6rleri ki\u015fisel verilerinizin korunmas\u0131n\u0131 \u00e7ok ciddiye almaktad\u0131r. Ki\u015fisel verilerinizi gizli ve yasal veri koruma d\u00fczenlemelerine ve bu veri koruma beyan\u0131na uygun olarak ele al\u0131yoruz.<\/p>\n<p>Bu web sitesini kulland\u0131\u011f\u0131n\u0131zda \u00e7e\u015fitli ki\u015fisel veriler toplan\u0131r. Ki\u015fisel veriler, ki\u015fisel olarak tan\u0131mlanabilece\u011finiz verilerdir. Bu veri koruma beyan\u0131, hangi verileri toplad\u0131\u011f\u0131m\u0131z\u0131 ve bunlar\u0131 ne i\u00e7in kulland\u0131\u011f\u0131m\u0131z\u0131 a\u00e7\u0131klar. Ayr\u0131ca bunun nas\u0131l ve ne ama\u00e7la yap\u0131ld\u0131\u011f\u0131n\u0131 da a\u00e7\u0131klar.<\/p>\n<p>\u0130nternet \u00fczerinden veri aktar\u0131m\u0131n\u0131n (\u00f6rn. E-posta ile ileti\u015fim kurarken) g\u00fcvenlik a\u00e7\u0131klar\u0131 olabilece\u011fini belirtmek isteriz. Verilerin \u00fc\u00e7\u00fcnc\u00fc \u015fah\u0131slar\u0131n eri\u015fimine kar\u015f\u0131 tam olarak korunmas\u0131 m\u00fcmk\u00fcn de\u011fildir.<\/p>\n<h3>Sorumlu kurulu\u015f hakk\u0131nda not<\/h3>\n<p>Bu web sitesinde veri i\u015flemeden sorumlu kurulu\u015f:<\/p>\n<p><strong> Dr. G\u00fclden Halis <\/strong><\/p>\n<p>Telefon: +49 (0) 30 20 65 80 50<br \/>\nE-posta: info@kinderwunschteam.berlin<\/p>\n<p>Sorumlu kurulu\u015f, tek ba\u015f\u0131na veya ba\u015fkalar\u0131yla birlikte ki\u015fisel verilerin (\u00f6rne\u011fin isimler, e-posta adresleri vb.) \u0130\u015flenme ama\u00e7 ve y\u00f6ntemlerine karar veren ger\u00e7ek veya t\u00fczel ki\u015fidir.<\/p>\n<h3>Saklama s\u00fcresi<\/h3>\n<p>Bu veri koruma beyan\u0131nda belirli bir saklama s\u00fcresi belirtilmedik\u00e7e, ki\u015fisel verileriniz, veri i\u015fleme amac\u0131 art\u0131k ge\u00e7erli olmayana kadar bizde kalacakt\u0131r. Silme i\u00e7in me\u015fru bir talepte bulunursan\u0131z veya veri i\u015flemeye verdi\u011finiz izni iptal ederseniz, ki\u015fisel verilerinizi saklamak i\u00e7in yasal olarak izin verilen ba\u015fka nedenlerimiz yoksa (\u00f6rne\u011fin vergi veya ticari saklama s\u00fcreleri) verileriniz silinecektir; ikinci durumda, silme, bu nedenler art\u0131k ge\u00e7erli olmad\u0131\u011f\u0131nda ger\u00e7ekle\u015fir.<\/p>\n<h3>ABD&#8217;ye veri aktar\u0131m\u0131 hakk\u0131nda not<\/h3>\n<p>ABD merkezli \u015firketlerin ara\u00e7lar\u0131 web sitemize entegre edilmi\u015ftir. Bu ara\u00e7lar aktif oldu\u011funda, ki\u015fisel verileriniz ilgili \u015firketlerin ABD sunucular\u0131na aktar\u0131labilir. ABD&#8217;nin AB veri koruma yasas\u0131 anlam\u0131nda g\u00fcvenli bir \u00fc\u00e7\u00fcnc\u00fc \u00fclke olmad\u0131\u011f\u0131n\u0131 belirtmek isteriz. ABD \u015firketleri, ilgili ki\u015fi olarak buna kar\u015f\u0131 yasal i\u015flem ba\u015flatamadan, ki\u015fisel verileri g\u00fcvenlik yetkililerine teslim etmekle y\u00fck\u00fcml\u00fcd\u00fcr. Bu nedenle, ABD makamlar\u0131n\u0131n (\u00f6rne\u011fin, gizli hizmetler) verilerinizi izleme amac\u0131yla ABD sunucular\u0131nda i\u015fledi\u011fi, de\u011ferlendirdi\u011fi ve kal\u0131c\u0131 olarak depolad\u0131\u011f\u0131 g\u00f6z ard\u0131 edilemez. Bu i\u015fleme faaliyetleri \u00fczerinde hi\u00e7bir etkimiz yoktur.<\/p>\n<h3>Veri i\u015flemeye y\u00f6nelik izninizin iptali<\/h3>\n<p>Bir\u00e7ok veri i\u015fleme i\u015flemi yaln\u0131zca sizin a\u00e7\u0131k onay\u0131n\u0131z ile m\u00fcmk\u00fcnd\u00fcr. Onay\u0131n\u0131z\u0131 istedi\u011finiz zaman geri \u00e7ekebilirsiniz. \u0130ptalden \u00f6nce y\u00fcr\u00fct\u00fclen veri i\u015flemenin yasall\u0131\u011f\u0131 iptalden etkilenmez.<\/p>\n<h3>\u00d6zel durumlarda ve do\u011frudan reklamc\u0131l\u0131\u011fa itiraz etme hakk\u0131 (Madde 21 GDPR)<\/h3>\n<p>SANAT ESASINA G\u00d6RE VER\u0130 \u0130\u015eLEN\u0130YORSA. 6 ABS. 1 LIT. E VEYA GDPR, \u00d6ZEL DURUMUNUZDAN KAYNAKLANAN NEDENLERLE K\u0130\u015e\u0130SEL VER\u0130LER\u0130N\u0130Z\u0130N \u0130\u015eLENMES\u0130NE HERHANG\u0130 B\u0130R ZAMAN \u0130T\u0130RAZ ETME HAKKINA SAH\u0130P OLURSUNUZ; BU AYRICA BU H\u00dcK\u00dcMLERE DAYANAN PROF\u0130LLEND\u0130RME \u0130\u00c7\u0130N de ge\u00e7erlidir. \u0130\u015eLEM\u0130N BU G\u0130ZL\u0130L\u0130K POL\u0130T\u0130KASINA DAYANMASINA \u0130L\u0130\u015eK\u0130N \u0130LG\u0130L\u0130 YASAL TEMEL. \u0130T\u0130RAZ EDERSEN\u0130Z, \u0130LG\u0130N\u0130Z\u0130 OLU\u015eTURAN, Y\u00dcR\u00dcTEN VEYA UYGULAYAN, HAKLARINIZI G\u00d6ZETEN \u0130\u015eLEME \u0130\u00c7\u0130N ZORUNLU NEDENLER SA\u011eLAMADI\u011eIMIZDAN, ETK\u0130LENEN K\u0130\u015e\u0130SEL VER\u0130LER\u0130N\u0130Z\u0130 ARTIK \u0130\u015eLEMEM\u0130Z. MADDE 21 PARA 1 GDPR&#8217;YE G\u00d6RE \u0130T\u0130RAZ.<\/p>\n<p>K\u0130\u015e\u0130SEL VER\u0130LER\u0130N\u0130Z DO\u011eRUDAN REKLAM \u0130\u00c7\u0130N \u0130\u015eLENM\u0130\u015eSE, K\u0130\u015e\u0130SEL VER\u0130LER\u0130N S\u00d6Z KONUSU REKLAM AMACIYLA \u0130\u015eLENMES\u0130NE HER ZAMAN \u0130T\u0130RAZ ETME HAKKINIZ VAR; BU AYRICA B\u00d6YLE DO\u011eRUDAN REKLAMLARLA BA\u011eLANTILI OLARAK PROF\u0130L OLU\u015eTURMA \u0130\u00c7\u0130N de ge\u00e7erlidir. \u0130T\u0130RAZ EDERSEN\u0130Z, K\u0130\u015e\u0130SEL VER\u0130LER\u0130N\u0130Z ARTIK DO\u011eRUDAN REKLAM AMACI \u0130\u00c7\u0130N KULLANILMAYACAKTIR (GDPR 21 (2) MADDES\u0130NE G\u00d6RE \u0130T\u0130RAZ).<\/p>\n<h3>Sorumlu denetim makam\u0131na itiraz hakk\u0131<\/h3>\n<p>GDPR&#8217;nin ihlali durumunda, veri sahipleri, bir denetim makam\u0131na, \u00f6zellikle de ikamet ettikleri \u00fcye devlette, i\u015f yerlerinde veya iddia edilen ihlalin yerinde \u015fikayette bulunma hakk\u0131na sahiptir. Temyiz hakk\u0131, di\u011fer idari veya adli \u00e7\u00f6z\u00fcm yollar\u0131na halel getirmeksizin mevcuttur.<\/p>\n<h3>Veri ta\u015f\u0131nabilirli\u011fi hakk\u0131<\/h3>\n<p>Onay\u0131n\u0131za dayanarak veya size veya \u00fc\u00e7\u00fcnc\u00fc bir tarafa ortak, makine taraf\u0131ndan okunabilir bir formatta devredilen bir s\u00f6zle\u015fmenin yerine getirilmesiyle otomatik olarak i\u015fledi\u011fimiz verilere sahip olma hakk\u0131na sahipsiniz. Verilerin ba\u015fka bir sorumlu ki\u015fiye do\u011frudan aktar\u0131lmas\u0131n\u0131 talep ederseniz, bu yaln\u0131zca teknik olarak m\u00fcmk\u00fcnse yap\u0131lacakt\u0131r.<\/p>\n<h3>SSL veya TLS \u015fifrelemesi<\/h3>\n<p>G\u00fcvenlik nedeniyle ve site operat\u00f6r\u00fc olarak bize g\u00f6nderdi\u011finiz sipari\u015fler veya sorular gibi gizli i\u00e7eri\u011fin iletimini korumak i\u00e7in bu site SSL veya TLS \u015fifrelemesini kullan\u0131r. \u015eifreli bir ba\u011flant\u0131y\u0131, taray\u0131c\u0131n\u0131n adres sat\u0131r\u0131n\u0131n &#8220;http:&#8221; den &#8220;https:&#8221; ye de\u011fi\u015fmesi ve taray\u0131c\u0131n\u0131z\u0131n sat\u0131r\u0131ndaki kilit simgesiyle tan\u0131yabilirsiniz.<\/p>\n<p>SSL veya TLS \u015fifrelemesi etkinle\u015ftirilirse, bize iletti\u011finiz veriler \u00fc\u00e7\u00fcnc\u00fc \u015fah\u0131slar taraf\u0131ndan okunamaz.<\/p>\n<h3>Bilgi, silme ve d\u00fczeltme<\/h3>\n<p>Y\u00fcr\u00fcrl\u00fckteki yasal h\u00fck\u00fcmler \u00e7er\u00e7evesinde, saklanan ki\u015fisel verileriniz, bunlar\u0131n kayna\u011f\u0131 ve al\u0131c\u0131s\u0131 ve veri i\u015flemenin amac\u0131 hakk\u0131nda \u00fccretsiz bilgi alma ve gerekirse bu verileri d\u00fczeltme veya silme hakk\u0131na sahipsiniz. Ki\u015fisel veriler konusunda ba\u015fka sorular\u0131n\u0131z varsa, yasal bildirimde verilen adresten istedi\u011finiz zaman bizimle ileti\u015fime ge\u00e7ebilirsiniz.<\/p>\n<h3>\u0130\u015flemeyi k\u0131s\u0131tlama hakk\u0131<\/h3>\n<p>Ki\u015fisel verilerinizin i\u015flenmesinin k\u0131s\u0131tlanmas\u0131n\u0131 talep etme hakk\u0131na sahipsiniz. Yasal uyar\u0131da verilen adresten istedi\u011finiz zaman bizimle ileti\u015fime ge\u00e7ebilirsiniz. \u0130\u015flemenin k\u0131s\u0131tlanmas\u0131 hakk\u0131 a\u015fa\u011f\u0131daki durumlarda mevcuttur:<\/p>\n<ul>\n<li>Taraf\u0131m\u0131zdan saklanan ki\u015fisel verilerinizin do\u011frulu\u011funa itiraz ederseniz, genellikle bunu kontrol etmek i\u00e7in zamana ihtiyac\u0131m\u0131z vard\u0131r. Test s\u00fcresince ki\u015fisel verilerinizin i\u015flenmesinin k\u0131s\u0131tlanmas\u0131n\u0131 talep etme hakk\u0131na sahipsiniz.<\/li>\n<li>Ki\u015fisel verilerinizin i\u015flenmesi hukuka ayk\u0131r\u0131 bir \u015fekilde ger\u00e7ekle\u015fmi\u015fse \/ ger\u00e7ekle\u015fmi\u015fse, silme yerine veri i\u015flemenin k\u0131s\u0131tlanmas\u0131n\u0131 talep edebilirsiniz.<\/li>\n<li>Ki\u015fisel verilerinize art\u0131k ihtiyac\u0131m\u0131z yoksa, ancak bunlara yasal hak taleplerini uygulamak, savunmak veya ileri s\u00fcrmek i\u00e7in ihtiyac\u0131n\u0131z varsa, ki\u015fisel verilerinizin silinmesi yerine i\u015flenmesinin k\u0131s\u0131tlanmas\u0131n\u0131 talep etme hakk\u0131na sahipsiniz.<\/li>\n<li>GDPR 21. Maddenin 1. F\u0131kras\u0131 uyar\u0131nca bir itirazda bulunduysan\u0131z, \u00e7\u0131karlar\u0131n\u0131z ve bizim \u00e7\u0131karlar\u0131m\u0131z tart\u0131lmal\u0131d\u0131r. Kimin \u00e7\u0131karlar\u0131n\u0131n ge\u00e7erli oldu\u011fu hen\u00fcz belirlenmedi\u011fi s\u00fcrece, ki\u015fisel verilerinizin i\u015flenmesinin k\u0131s\u0131tlanmas\u0131n\u0131 talep etme hakk\u0131na sahipsiniz.<\/li>\n<\/ul>\n<p>Ki\u015fisel verilerinizin i\u015flenmesini k\u0131s\u0131tlad\u0131ysan\u0131z, bu veriler &#8211; saklanmas\u0131 haricinde &#8211; yaln\u0131zca sizin izninizle veya yasal iddialar\u0131n tesisi, uygulanmas\u0131 veya savunulmas\u0131 i\u00e7in veya ba\u015fka bir ger\u00e7ek veya t\u00fczel ki\u015finin haklar\u0131n\u0131n korunmas\u0131 veya \u00f6nemli kamu yarar\u0131 nedenleriyle kullan\u0131labilir. Avrupa Birli\u011fi veya bir \u00fcye \u00fclke taraf\u0131ndan i\u015flenmi\u015ftir.<\/p>\n<h2>4. Bu web sitesinde veri toplama<\/h2>\n<h3>\u00c7erezler<\/h3>\n<p>\u0130nternet sayfalar\u0131m\u0131z s\u00f6zde &#8220;\u00e7erezler&#8221; kullan\u0131r. \u00c7erezler k\u00fc\u00e7\u00fck metin dosyalar\u0131d\u0131r ve cihaz\u0131n\u0131za herhangi bir zarar vermez. Bir oturum s\u00fcresince ge\u00e7ici olarak (oturum \u00e7erezleri) veya kal\u0131c\u0131 olarak (kal\u0131c\u0131 \u00e7erezler) cihaz\u0131n\u0131zda saklan\u0131rlar. Oturum \u00e7erezleri, ziyaretinizden sonra otomatik olarak silinir. Kal\u0131c\u0131 tan\u0131mlama bilgileri, siz onlar\u0131 silene veya web taray\u0131c\u0131n\u0131z otomatik olarak silene kadar terminal cihaz\u0131n\u0131zda saklan\u0131r.<\/p>\n<p>Baz\u0131 durumlarda, \u00fc\u00e7\u00fcnc\u00fc \u015fah\u0131s \u015firketlerden gelen tan\u0131mlama bilgileri, web sitemize girdi\u011finizde (\u00fc\u00e7\u00fcnc\u00fc taraf tan\u0131mlama bilgileri) cihaz\u0131n\u0131zda da saklanabilir. Bunlar bizim veya sizin belirli \u00fc\u00e7\u00fcnc\u00fc taraf hizmetlerini (\u00f6r. \u00d6deme hizmetlerini i\u015flemek i\u00e7in tan\u0131mlama bilgileri) kullanman\u0131za olanak tan\u0131r.<\/p>\n<p>\u00c7erezlerin farkl\u0131 i\u015flevleri vard\u0131r. Baz\u0131 web sitesi i\u015flevleri bunlar olmadan \u00e7al\u0131\u015fmayaca\u011f\u0131 i\u00e7in teknik olarak \u00e7ok say\u0131da \u00e7erez gereklidir (\u00f6rne\u011fin, al\u0131\u015fveri\u015f sepeti i\u015flevi veya videolar\u0131n g\u00f6r\u00fcnt\u00fclenmesi). Di\u011fer \u00e7erezler, kullan\u0131c\u0131 davran\u0131\u015f\u0131n\u0131 de\u011ferlendirmek veya reklamlar\u0131 g\u00f6r\u00fcnt\u00fclemek i\u00e7in kullan\u0131l\u0131r.<\/p>\n<p>Elektronik ileti\u015fim s\u00fcrecini y\u00fcr\u00fctmek (gerekli \u00e7erezler) veya istedi\u011finiz belirli i\u015flevleri sa\u011flamak i\u00e7in (\u00f6rne\u011fin al\u0131\u015fveri\u015f sepeti i\u015flevi i\u00e7in i\u015flevsel \u00e7erezler) veya web sitesini optimize etmek i\u00e7in gerekli olan \u00e7erezler (\u00f6r. Web kitlesini \u00f6l\u00e7mek i\u00e7in \u00e7erezler) Madde 6 Paragraf 1 litre temelinde. f GDPR, farkl\u0131 bir yasal dayanak verilmedi\u011fi s\u00fcrece. Web sitesi operat\u00f6r\u00fc, hizmetlerinin teknik olarak hatas\u0131z ve optimize edilmi\u015f sa\u011flanmas\u0131 i\u00e7in tan\u0131mlama bilgilerinin depolanmas\u0131 konusunda me\u015fru bir menfaat sahibidir. \u00c7erezlerin depolanmas\u0131 i\u00e7in onay talep edilmi\u015fse, ilgili \u00e7erezlerin depolanmas\u0131 m\u00fcnhas\u0131ran bu izne ba\u011fl\u0131 olarak ger\u00e7ekle\u015fir (Madde 6 Paragraf 1 bir GDPR yakt\u0131); onay herhangi bir zamanda iptal edilebilir.<\/p>\n<p>Taray\u0131c\u0131n\u0131z\u0131, \u00e7erezlerin ayarlanmas\u0131 hakk\u0131nda bilgilendirilecek ve yaln\u0131zca bireysel durumlarda \u00e7erezlere izin verecek, belirli durumlarda veya genel olarak \u00e7erezlerin kabul edilmesini hari\u00e7 tutacak ve taray\u0131c\u0131y\u0131 kapatt\u0131\u011f\u0131n\u0131zda \u00e7erezlerin otomatik olarak silinmesini etkinle\u015ftirecek \u015fekilde ayarlayabilirsiniz. \u00c7erezleri devre d\u0131\u015f\u0131 b\u0131rak\u0131rsan\u0131z, bu web sitesinin i\u015flevselli\u011fi k\u0131s\u0131tlanabilir.<\/p>\n<p>\u00c7erezlerin \u00fc\u00e7\u00fcnc\u00fc taraf \u015firketler taraf\u0131ndan veya analiz amac\u0131yla kullan\u0131ld\u0131\u011f\u0131 \u00f6l\u00e7\u00fcde, sizi bu veri koruma beyan\u0131nda ayr\u0131ca bilgilendirece\u011fiz ve gerekirse onay\u0131n\u0131z\u0131 isteyece\u011fiz.<\/p>\n<h3>\u0130leti\u015fim formu<\/h3>\n<p>Bize ileti\u015fim formunu kullanarak soru g\u00f6nderirseniz, orada verdi\u011finiz ileti\u015fim bilgileri de dahil olmak \u00fczere sorgu formundaki bilgileriniz, talebin i\u015flenmesi amac\u0131yla ve takip sorular\u0131 durumunda taraf\u0131m\u0131zdan saklanacakt\u0131r. Bu verileri izniniz olmadan aktarmay\u0131z.<\/p>\n<p>Bu veriler, Madde 6 Paragraf 1 lit. b GDPR, talebiniz bir s\u00f6zle\u015fmenin ifas\u0131yla ilgiliyse veya s\u00f6zle\u015fme \u00f6ncesi \u00f6nlemleri almak i\u00e7in gerekliyse. Di\u011fer t\u00fcm durumlarda, i\u015fleme, bize g\u00f6nderilen sorular\u0131n etkili bir \u015fekilde i\u015flenmesindeki me\u015fru menfaatimize (GDPR Madde 6 Paragraf 1 lit. f) veya bu durumda sizin r\u0131zan\u0131za (Madde 6 Paragraf 1 lit. a GDPR) dayanmaktad\u0131r. sorguland\u0131.<\/p>\n<p>\u0130leti\u015fim formuna girdi\u011finiz veriler, siz bizden silmemizi, saklama izninizi iptal etmemizi veya veri saklama amac\u0131 art\u0131k ge\u00e7erli olmayana kadar (\u00f6rne\u011fin, talebiniz i\u015flendikten sonra) bizde kalacakt\u0131r. Zorunlu yasal h\u00fck\u00fcmler &#8211; \u00f6zellikle saklama s\u00fcreleri &#8211; etkilenmeden kal\u0131r.<\/p>\n<h3>E-posta, telefon veya faks yoluyla sorgulama<\/h3>\n<p>Bizimle e-posta, telefon veya faks yoluyla ileti\u015fime ge\u00e7erseniz, talebiniz, bunlardan kaynaklanan t\u00fcm ki\u015fisel veriler (isim, talep) dahil olmak \u00fczere, talebinizin i\u015flenmesi amac\u0131yla taraf\u0131m\u0131zdan saklanacak ve i\u015flenecektir. Bu verileri izniniz olmadan aktarmay\u0131z.<\/p>\n<p>Bu veriler, Madde 6 Paragraf 1 lit. b GDPR, talebiniz bir s\u00f6zle\u015fmenin ifas\u0131yla ilgiliyse veya s\u00f6zle\u015fme \u00f6ncesi \u00f6nlemleri almak i\u00e7in gerekliyse. Di\u011fer t\u00fcm durumlarda, i\u015fleme, bize y\u00f6neltilen soru\u015fturmalar\u0131n etkili bir \u015fekilde i\u015flenmesindeki me\u015fru menfaatimize (GDPR Madde 6 Paragraf 1 lit. f) veya bu durumda sizin r\u0131zan\u0131za (Madde 6 Paragraf 1 lit. a GDPR) dayanmaktad\u0131r. sorguland\u0131.<\/p>\n<p>\u0130leti\u015fim talepleri arac\u0131l\u0131\u011f\u0131yla bize g\u00f6nderdi\u011finiz veriler, sizden silmemizi, saklama izninizi iptal etmemizi veya veri saklama amac\u0131 art\u0131k ge\u00e7erli olmayana kadar (\u00f6rne\u011fin talebiniz i\u015flendikten sonra) bizde kalacakt\u0131r. Zorunlu yasal h\u00fck\u00fcmler &#8211; \u00f6zellikle yasal saklama s\u00fcreleri &#8211; etkilenmeden kal\u0131r.<\/p>\n<h2>5. Eklentiler ve Ara\u00e7lar<\/h2>\n<h3>YouTube<\/h3>\n<p>Bu web sitesi, YouTube web sitesindeki videolar\u0131 entegre eder. Web sitesinin operat\u00f6r\u00fc Google Ireland Limited (&#8220;Google&#8221;), Gordon House, Barrow Street, Dublin 4, \u0130rlanda&#8217;d\u0131r.<\/p>\n<p>YouTube&#8217;un entegre oldu\u011fu web sitelerimizden birini ziyaret etti\u011finizde, YouTube sunucular\u0131na ba\u011flant\u0131 kurulur. YouTube sunucusu, hangi sayfalar\u0131m\u0131z\u0131 ziyaret etti\u011finiz konusunda bilgilendirilir.<\/p>\n<p>Ayr\u0131ca YouTube, cihaz\u0131n\u0131zda \u00e7e\u015fitli \u00e7erezler depolayabilir veya tan\u0131ma i\u00e7in benzer teknolojileri kullanabilir (\u00f6rn. Cihaz parmak izi). Bu \u015fekilde YouTube, bu web sitesinin ziyaret\u00e7ileri hakk\u0131nda bilgi alabilir. Bu bilgi olabilir a. video istatistikleri toplamak, kullan\u0131labilirli\u011fi iyile\u015ftirmek ve doland\u0131r\u0131c\u0131l\u0131k giri\u015fimlerini \u00f6nlemek i\u00e7in kullan\u0131l\u0131r.<\/p>\n<p>YouTube hesab\u0131n\u0131zda oturum a\u00e7t\u0131ysan\u0131z, YouTube&#8217;un gezinme davran\u0131\u015f\u0131n\u0131z\u0131 do\u011frudan ki\u015fisel profilinize atamas\u0131n\u0131 etkinle\u015ftirirsiniz. Bunu YouTube hesab\u0131n\u0131zdan \u00e7\u0131k\u0131\u015f yaparak \u00f6nleyebilirsiniz.<\/p>\n<p>YouTube, \u00e7evrimi\u00e7i tekliflerimizin \u00e7ekici bir sunumu i\u00e7in kullan\u0131lmaktad\u0131r. Bu, 6. maddenin 1. paragraf\u0131n\u0131n anlam\u0131 dahilinde me\u015fru bir menfaati temsil eder. f GDPR \u0130lgili bir izin talep edilmi\u015fse, i\u015fleme m\u00fcnhas\u0131ran Madde 6 paragraf 1 lit. bir GDPR; onay herhangi bir zamanda iptal edilebilir.<\/p>\n<p>Kullan\u0131c\u0131 verilerinin i\u015flenmesi hakk\u0131nda daha fazla bilgiyi YouTube&#8217;un veri koruma beyan\u0131nda bulabilirsiniz: <a href=\"https:\/\/policies.google.com\/privacy?hl=de\" target=\"_blank\" rel=\"noopener noreferrer\"> https:\/\/policies.google.com\/privacy?hl=de <\/a>.<\/p>\n<h3>Google Web Yaz\u0131 Tipleri<\/h3>\n<p>Bu site, yaz\u0131 tiplerinin tek tip g\u00f6r\u00fcnt\u00fclenmesi i\u00e7in Google taraf\u0131ndan sa\u011flanan s\u00f6zde web yaz\u0131 tiplerini kullan\u0131r. Bir sayfay\u0131 \u00e7a\u011f\u0131rd\u0131\u011f\u0131n\u0131zda, taray\u0131c\u0131n\u0131z metinleri ve yaz\u0131 tiplerini do\u011fru bir \u015fekilde g\u00f6r\u00fcnt\u00fclemek i\u00e7in gerekli web yaz\u0131 tiplerini taray\u0131c\u0131n\u0131z\u0131n \u00f6nbelle\u011fine y\u00fckler.<\/p>\n<p>Bu ama\u00e7la, kulland\u0131\u011f\u0131n\u0131z taray\u0131c\u0131n\u0131n Google sunucular\u0131na ba\u011flanmas\u0131 gerekir. Bu, Google&#8217;a bu web sitesine IP adresiniz \u00fczerinden eri\u015fildi\u011fi bilgisini verir. Google WebFonts kullan\u0131m\u0131 6. Maddenin 1. paragraf\u0131na dayanmaktad\u0131r. f GDPR. Web sitesi operat\u00f6r\u00fc, web sitesinde yaz\u0131 tipinin tek tip temsiliyle me\u015fru bir ilgiye sahiptir. Kar\u015f\u0131l\u0131k gelen bir onay talep edilmi\u015fse (\u00f6rne\u011fin, \u00e7erezlerin depolanmas\u0131na izin verilmesi), i\u015fleme yaln\u0131zca Madde 6 Paragraf 1 litre temelinde ger\u00e7ekle\u015ftirilir. bir GDPR; onay herhangi bir zamanda iptal edilebilir.<\/p>\n<p>Taray\u0131c\u0131n\u0131z web yaz\u0131 tiplerini desteklemiyorsa, bilgisayar\u0131n\u0131z taraf\u0131ndan standart bir yaz\u0131 tipi kullan\u0131lacakt\u0131r.<\/p>\n<p>Google Web Yaz\u0131 Tipleri hakk\u0131nda daha fazla bilgi <a href=\"https:\/\/developers.google.com\/fonts\/faq\" target=\"_blank\" rel=\"noopener noreferrer\"> https:\/\/developers.google.com\/ adresinde bulunabilir. fontlar \/ faq <\/a> ve Google Gizlilik Politikas\u0131&#8217;nda: <a href=\"https:\/\/policies.google.com\/privacy?hl=de\" target=\"_blank\" rel=\"noopener noreferrer\"> https:\/\/policies.google.com\/privacy?hl=de <\/a>.<\/p>\n<h3>Google Haritalar<\/h3>\n<p>Bu site, Google Haritalar harita hizmetini kullan\u0131r. Sa\u011flay\u0131c\u0131, Google Ireland Limited (&#8220;Google&#8221;), Gordon House, Barrow Street, Dublin 4, \u0130rlanda&#8217;d\u0131r.<\/p>\n<p>Google Haritalar&#8217;\u0131n i\u015flevlerini kullanmak i\u00e7in IP adresinizi kaydetmeniz gerekir. Bu bilgiler genellikle ABD&#8217;deki bir Google sunucusuna iletilir ve orada saklan\u0131r. Bu sitenin sa\u011flay\u0131c\u0131s\u0131n\u0131n bu veri aktar\u0131m\u0131 \u00fczerinde hi\u00e7bir etkisi yoktur.<\/p>\n<p>Google Haritalar&#8217;\u0131n kullan\u0131m\u0131, \u00e7evrimi\u00e7i tekliflerimizin \u00e7ekici bir sunumunun \u00e7\u0131kar\u0131na ve web sitesinde belirtti\u011fimiz yerleri bulmay\u0131 kolayla\u015ft\u0131rmak i\u00e7indir. Bu, 6. maddenin 1. paragraf\u0131n\u0131n anlam\u0131 dahilinde me\u015fru bir menfaati temsil eder. f GDPR \u0130lgili bir izin talep edilmi\u015fse, i\u015fleme m\u00fcnhas\u0131ran Madde 6 paragraf 1 lit. bir GDPR; onay herhangi bir zamanda iptal edilebilir.<\/p>\n<p>Kullan\u0131c\u0131 verilerinin i\u015flenmesi hakk\u0131nda daha fazla bilgiyi Google&#8217;\u0131n veri koruma beyan\u0131nda bulabilirsiniz: <a href=\"https:\/\/policies.google.com\/privacy?hl=de\" target=\"_blank\" rel=\"noopener noreferrer\"> https:\/\/policies.google.com\/privacy?hl=de <\/a>.<\/p>\n<h3>Google Analytics<\/h3>\n<p>Web sitesi kullan\u0131m\u0131n\u0131 analiz etmek i\u00e7in Google Analytics kullan\u0131yoruz. Bundan elde edilen veriler, web sitemizi ve reklam \u00f6nlemlerimizi optimize etmek i\u00e7in kullan\u0131l\u0131r.<\/p>\n<p>Google Analytics, Google Inc. (1600 Amphitheatre Parkway, Mountain View, CA 94043, Amerika Birle\u015fik Devletleri) taraf\u0131ndan i\u015fletilen ve sa\u011flanan bir web analiz hizmetidir. Google, web sitesi kullan\u0131m verilerini bizim ad\u0131m\u0131za i\u015fler ve i\u015flenen verilerin gizlili\u011fini garanti alt\u0131na almak i\u00e7in s\u00f6zle\u015fme gere\u011fi \u00f6nlemler almakla y\u00fck\u00fcml\u00fcd\u00fcr.<\/p>\n<p>Web sitesi ziyaretiniz s\u0131ras\u0131nda, i.a. a\u015fa\u011f\u0131daki verileri kaydetti:<\/p>\n<ul>\n<li>Eri\u015filen sayfalar<\/li>\n<li>Sayfalardaki davran\u0131\u015f\u0131n\u0131z (\u00f6r. t\u0131klamalar, kayd\u0131rma davran\u0131\u015f\u0131 ve bekleme s\u00fcresi)<\/li>\n<li>Yakla\u015f\u0131k konumunuz (\u00fclke ve \u015fehir)<\/li>\n<li>IP adresiniz (net bir ataman\u0131n m\u00fcmk\u00fcn olmamas\u0131 i\u00e7in k\u0131salt\u0131lm\u0131\u015f bi\u00e7imde)<\/li>\n<li>Taray\u0131c\u0131, \u0130nternet sa\u011flay\u0131c\u0131, cihaz ve ekran \u00e7\u00f6z\u00fcn\u00fcrl\u00fc\u011f\u00fc gibi teknik bilgiler<\/li>\n<li>Ziyaretinizin men\u015fe kayna\u011f\u0131 (yani, bize hangi web sitesi veya hangi reklam materyali arac\u0131l\u0131\u011f\u0131yla geldiniz)<\/li>\n<\/ul>\n<p>Bu veriler ABD&#8217;deki bir Google sunucusuna iletilir. Google, &#8220;AB-ABD Gizlilik Kalkan\u0131&#8221; s\u00f6zle\u015fmesinin veri koruma h\u00fck\u00fcmlerine uyar.<\/p>\n<p>Google Analytics, \u00e7erezleri son ziyaretinizden itibaren iki y\u0131l s\u00fcreyle web taray\u0131c\u0131n\u0131zda saklar. Bu \u00e7erezler, gelecekteki web sitesi ziyaretlerinde tan\u0131nabilece\u011finiz rastgele olu\u015fturulmu\u015f bir kullan\u0131c\u0131 kimli\u011fi i\u00e7erir.<\/p>\n<p>Kaydedilen veriler, rastgele olu\u015fturulmu\u015f kullan\u0131c\u0131 kimli\u011fi ile birlikte kaydedilir, bu da sahte kullan\u0131c\u0131 profillerinin de\u011ferlendirilmesine olanak tan\u0131r. Bu kullan\u0131c\u0131yla ilgili veriler 14 ay sonra otomatik olarak silinir. Di\u011fer veriler, toplu bi\u00e7imde s\u00fcresiz olarak saklan\u0131r.<\/p>\n<p>Koleksiyonu kabul etmiyorsan\u0131z, <a href=\"https:\/\/tools.google.com\/dlpage\/gaoptout?hl=de\"> Google\u2019\u0131 devre d\u0131\u015f\u0131 b\u0131rakmak i\u00e7in taray\u0131c\u0131 eklentisini bir kez y\u00fckleyerek bunu yapabilirsiniz. Analizi durdurun <\/a>.<\/p>\n<p>&nbsp;<\/p>\n<p><em>Veri koruma beyan\u0131n\u0131n kayna\u011f\u0131: <a href=\"https:\/\/www.e-recht24.de\"> eRecht24 <\/a> <\/em><\/p>\n<p><em> Google Analytics&#8217;teki paragraf\u0131n kayna\u011f\u0131: <a href=\"https:\/\/traffic3.net\"> traffic3.net<\/a><\/em><\/p>\n<p><em>Google Translate ile \u00e7evrildi<\/em>[\/vc_column_text][\/vc_column][\/vc_row]<\/p>\n<\/div>","protected":false},"excerpt":{"rendered":"<p>[vc_row][vc_column][vc_column_text uncode_shortcode_id=&#8221;134616&#8243;] 1. Bir bak\u0131\u015fta veri koruma Genel bilgiler A\u015fa\u011f\u0131daki bilgiler, bu web sitesini ziyaret etti\u011finizde ki\u015fisel verilerinize ne oldu\u011funa [&hellip;]<\/p>\n","protected":false},"author":6,"featured_media":79007,"parent":0,"menu_order":8,"comment_status":"closed","ping_status":"closed","template":"","meta":{"footnotes":""},"class_list":["post-7902","page","type-page","status-publish","has-post-thumbnail","hentry"],"yoast_head":"<!-- This site is optimized with the Yoast SEO plugin v25.6 - https:\/\/yoast.com\/wordpress\/plugins\/seo\/ -->\n<title>Gizlilik Politikas\u0131 &#8226; Kinderwunschteam Berlin<\/title>\n<meta name=\"description\" content=\"1. Bir bak\u0131\u015fta veri koruma Genel bilgiler A\u015fa\u011f\u0131daki bilgiler, bu web sitesini ziyaret etti\u011finizde ki\u015fisel verilerinize ne oldu\u011funa dair basit bir genel\" \/>\n<meta name=\"robots\" content=\"noindex, nofollow\" \/>\n<meta property=\"og:locale\" content=\"tr_TR\" \/>\n<meta property=\"og:type\" content=\"article\" \/>\n<meta property=\"og:title\" content=\"Gizlilik Politikas\u0131 &#8226; Kinderwunschteam Berlin\" \/>\n<meta property=\"og:description\" content=\"1. Bir bak\u0131\u015fta veri koruma Genel bilgiler A\u015fa\u011f\u0131daki bilgiler, bu web sitesini ziyaret etti\u011finizde ki\u015fisel verilerinize ne oldu\u011funa dair basit bir genel\" \/>\n<meta property=\"og:url\" content=\"https:\/\/kwt.meiio.net\/tr\/gizlilik-politikasi\" \/>\n<meta property=\"og:site_name\" content=\"Kinderwunschteam Berlin\" \/>\n<meta property=\"article:publisher\" content=\"https:\/\/www.facebook.com\/kinderwunschteam.berlin\/\" \/>\n<meta property=\"article:modified_time\" content=\"2025-07-29T14:25:04+00:00\" \/>\n<meta property=\"og:image\" content=\"https:\/\/kwt.meiio.net\/wp-content\/uploads\/KWT-8670-Archiv.jpg\" \/>\n\t<meta property=\"og:image:width\" content=\"2000\" \/>\n\t<meta property=\"og:image:height\" content=\"670\" \/>\n\t<meta property=\"og:image:type\" content=\"image\/jpeg\" \/>\n<meta name=\"twitter:card\" content=\"summary_large_image\" \/>\n<script type=\"application\/ld+json\" class=\"yoast-schema-graph\">{\"@context\":\"https:\/\/schema.org\",\"@graph\":[{\"@type\":\"WebPage\",\"@id\":\"https:\/\/kwt.meiio.net\/tr\/gizlilik-politikasi\",\"url\":\"https:\/\/kwt.meiio.net\/tr\/gizlilik-politikasi\",\"name\":\"Gizlilik Politikas\u0131 &#8226; Kinderwunschteam Berlin\",\"isPartOf\":{\"@id\":\"https:\/\/kwt.meiio.net\/tr#website\"},\"primaryImageOfPage\":{\"@id\":\"https:\/\/kwt.meiio.net\/tr\/gizlilik-politikasi#primaryimage\"},\"image\":{\"@id\":\"https:\/\/kwt.meiio.net\/tr\/gizlilik-politikasi#primaryimage\"},\"thumbnailUrl\":\"https:\/\/kwt.meiio.net\/wp-content\/uploads\/KWT-8670-Archiv.jpg\",\"datePublished\":\"2018-09-18T13:49:50+00:00\",\"dateModified\":\"2025-07-29T14:25:04+00:00\",\"description\":\"1. Bir bak\u0131\u015fta veri koruma Genel bilgiler A\u015fa\u011f\u0131daki bilgiler, bu web sitesini ziyaret etti\u011finizde ki\u015fisel verilerinize ne oldu\u011funa dair basit bir genel\",\"breadcrumb\":{\"@id\":\"https:\/\/kwt.meiio.net\/tr\/gizlilik-politikasi#breadcrumb\"},\"inLanguage\":\"tr\",\"potentialAction\":[{\"@type\":\"ReadAction\",\"target\":[\"https:\/\/kwt.meiio.net\/tr\/gizlilik-politikasi\"]}]},{\"@type\":\"ImageObject\",\"inLanguage\":\"tr\",\"@id\":\"https:\/\/kwt.meiio.net\/tr\/gizlilik-politikasi#primaryimage\",\"url\":\"https:\/\/kwt.meiio.net\/wp-content\/uploads\/KWT-8670-Archiv.jpg\",\"contentUrl\":\"https:\/\/kwt.meiio.net\/wp-content\/uploads\/KWT-8670-Archiv.jpg\",\"width\":2000,\"height\":670},{\"@type\":\"BreadcrumbList\",\"@id\":\"https:\/\/kwt.meiio.net\/tr\/gizlilik-politikasi#breadcrumb\",\"itemListElement\":[{\"@type\":\"ListItem\",\"position\":1,\"name\":\"Startseite\",\"item\":\"https:\/\/kwt.meiio.net\/tr\"},{\"@type\":\"ListItem\",\"position\":2,\"name\":\"Gizlilik Politikas\u0131\"}]},{\"@type\":\"WebSite\",\"@id\":\"https:\/\/kwt.meiio.net\/tr#website\",\"url\":\"https:\/\/kwt.meiio.net\/tr\",\"name\":\"Kinderwunschteam Berlin\",\"description\":\"Kinderwunsch- und Endometriose-Zentrum\",\"publisher\":{\"@id\":\"https:\/\/kwt.meiio.net\/tr#organization\"},\"potentialAction\":[{\"@type\":\"SearchAction\",\"target\":{\"@type\":\"EntryPoint\",\"urlTemplate\":\"https:\/\/kwt.meiio.net\/tr?s={search_term_string}\"},\"query-input\":{\"@type\":\"PropertyValueSpecification\",\"valueRequired\":true,\"valueName\":\"search_term_string\"}}],\"inLanguage\":\"tr\"},{\"@type\":\"Organization\",\"@id\":\"https:\/\/kwt.meiio.net\/tr#organization\",\"name\":\"Kinderwunschteam Berlin\",\"url\":\"https:\/\/kwt.meiio.net\/tr\",\"logo\":{\"@type\":\"ImageObject\",\"inLanguage\":\"tr\",\"@id\":\"https:\/\/kwt.meiio.net\/tr#\/schema\/logo\/image\/\",\"url\":\"https:\/\/kwt.meiio.net\/wp-content\/uploads\/Logo-KinderwunschteamBerlin-NavBar@2.png\",\"contentUrl\":\"https:\/\/kwt.meiio.net\/wp-content\/uploads\/Logo-KinderwunschteamBerlin-NavBar@2.png\",\"width\":800,\"height\":200,\"caption\":\"Kinderwunschteam Berlin\"},\"image\":{\"@id\":\"https:\/\/kwt.meiio.net\/tr#\/schema\/logo\/image\/\"},\"sameAs\":[\"https:\/\/www.facebook.com\/kinderwunschteam.berlin\/\",\"https:\/\/www.instagram.com\/kinderwunschteamberlin\/\"]}]}<\/script>\n<!-- \/ Yoast SEO plugin. -->","yoast_head_json":{"title":"Gizlilik Politikas\u0131 &#8226; Kinderwunschteam Berlin","description":"1. Bir bak\u0131\u015fta veri koruma Genel bilgiler A\u015fa\u011f\u0131daki bilgiler, bu web sitesini ziyaret etti\u011finizde ki\u015fisel verilerinize ne oldu\u011funa dair basit bir genel","robots":{"index":"noindex","follow":"nofollow"},"og_locale":"tr_TR","og_type":"article","og_title":"Gizlilik Politikas\u0131 &#8226; Kinderwunschteam Berlin","og_description":"1. Bir bak\u0131\u015fta veri koruma Genel bilgiler A\u015fa\u011f\u0131daki bilgiler, bu web sitesini ziyaret etti\u011finizde ki\u015fisel verilerinize ne oldu\u011funa dair basit bir genel","og_url":"https:\/\/kwt.meiio.net\/tr\/gizlilik-politikasi","og_site_name":"Kinderwunschteam Berlin","article_publisher":"https:\/\/www.facebook.com\/kinderwunschteam.berlin\/","article_modified_time":"2025-07-29T14:25:04+00:00","og_image":[{"width":2000,"height":670,"url":"https:\/\/kwt.meiio.net\/wp-content\/uploads\/KWT-8670-Archiv.jpg","type":"image\/jpeg"}],"twitter_card":"summary_large_image","schema":{"@context":"https:\/\/schema.org","@graph":[{"@type":"WebPage","@id":"https:\/\/kwt.meiio.net\/tr\/gizlilik-politikasi","url":"https:\/\/kwt.meiio.net\/tr\/gizlilik-politikasi","name":"Gizlilik Politikas\u0131 &#8226; Kinderwunschteam Berlin","isPartOf":{"@id":"https:\/\/kwt.meiio.net\/tr#website"},"primaryImageOfPage":{"@id":"https:\/\/kwt.meiio.net\/tr\/gizlilik-politikasi#primaryimage"},"image":{"@id":"https:\/\/kwt.meiio.net\/tr\/gizlilik-politikasi#primaryimage"},"thumbnailUrl":"https:\/\/kwt.meiio.net\/wp-content\/uploads\/KWT-8670-Archiv.jpg","datePublished":"2018-09-18T13:49:50+00:00","dateModified":"2025-07-29T14:25:04+00:00","description":"1. Bir bak\u0131\u015fta veri koruma Genel bilgiler A\u015fa\u011f\u0131daki bilgiler, bu web sitesini ziyaret etti\u011finizde ki\u015fisel verilerinize ne oldu\u011funa dair basit bir genel","breadcrumb":{"@id":"https:\/\/kwt.meiio.net\/tr\/gizlilik-politikasi#breadcrumb"},"inLanguage":"tr","potentialAction":[{"@type":"ReadAction","target":["https:\/\/kwt.meiio.net\/tr\/gizlilik-politikasi"]}]},{"@type":"ImageObject","inLanguage":"tr","@id":"https:\/\/kwt.meiio.net\/tr\/gizlilik-politikasi#primaryimage","url":"https:\/\/kwt.meiio.net\/wp-content\/uploads\/KWT-8670-Archiv.jpg","contentUrl":"https:\/\/kwt.meiio.net\/wp-content\/uploads\/KWT-8670-Archiv.jpg","width":2000,"height":670},{"@type":"BreadcrumbList","@id":"https:\/\/kwt.meiio.net\/tr\/gizlilik-politikasi#breadcrumb","itemListElement":[{"@type":"ListItem","position":1,"name":"Startseite","item":"https:\/\/kwt.meiio.net\/tr"},{"@type":"ListItem","position":2,"name":"Gizlilik Politikas\u0131"}]},{"@type":"WebSite","@id":"https:\/\/kwt.meiio.net\/tr#website","url":"https:\/\/kwt.meiio.net\/tr","name":"Kinderwunschteam Berlin","description":"Kinderwunsch- und Endometriose-Zentrum","publisher":{"@id":"https:\/\/kwt.meiio.net\/tr#organization"},"potentialAction":[{"@type":"SearchAction","target":{"@type":"EntryPoint","urlTemplate":"https:\/\/kwt.meiio.net\/tr?s={search_term_string}"},"query-input":{"@type":"PropertyValueSpecification","valueRequired":true,"valueName":"search_term_string"}}],"inLanguage":"tr"},{"@type":"Organization","@id":"https:\/\/kwt.meiio.net\/tr#organization","name":"Kinderwunschteam Berlin","url":"https:\/\/kwt.meiio.net\/tr","logo":{"@type":"ImageObject","inLanguage":"tr","@id":"https:\/\/kwt.meiio.net\/tr#\/schema\/logo\/image\/","url":"https:\/\/kwt.meiio.net\/wp-content\/uploads\/Logo-KinderwunschteamBerlin-NavBar@2.png","contentUrl":"https:\/\/kwt.meiio.net\/wp-content\/uploads\/Logo-KinderwunschteamBerlin-NavBar@2.png","width":800,"height":200,"caption":"Kinderwunschteam Berlin"},"image":{"@id":"https:\/\/kwt.meiio.net\/tr#\/schema\/logo\/image\/"},"sameAs":["https:\/\/www.facebook.com\/kinderwunschteam.berlin\/","https:\/\/www.instagram.com\/kinderwunschteamberlin\/"]}]}},"_links":{"self":[{"href":"https:\/\/kwt.meiio.net\/tr\/wp-json\/wp\/v2\/pages\/7902","targetHints":{"allow":["GET"]}}],"collection":[{"href":"https:\/\/kwt.meiio.net\/tr\/wp-json\/wp\/v2\/pages"}],"about":[{"href":"https:\/\/kwt.meiio.net\/tr\/wp-json\/wp\/v2\/types\/page"}],"author":[{"embeddable":true,"href":"https:\/\/kwt.meiio.net\/tr\/wp-json\/wp\/v2\/users\/6"}],"replies":[{"embeddable":true,"href":"https:\/\/kwt.meiio.net\/tr\/wp-json\/wp\/v2\/comments?post=7902"}],"version-history":[{"count":0,"href":"https:\/\/kwt.meiio.net\/tr\/wp-json\/wp\/v2\/pages\/7902\/revisions"}],"wp:featuredmedia":[{"embeddable":true,"href":"https:\/\/kwt.meiio.net\/tr\/wp-json\/wp\/v2\/media\/79007"}],"wp:attachment":[{"href":"https:\/\/kwt.meiio.net\/tr\/wp-json\/wp\/v2\/media?parent=7902"}],"curies":[{"name":"wp","href":"https:\/\/api.w.org\/{rel}","templated":true}]}}